{"id":23482,"date":"2025-08-12T16:16:37","date_gmt":"2025-08-12T14:16:37","guid":{"rendered":"https:\/\/fondazionebarbavarley.org\/?page_id=23482"},"modified":"2025-08-12T18:54:14","modified_gmt":"2025-08-12T16:54:14","slug":"eugenio-barba","status":"publish","type":"page","link":"https:\/\/fondazionebarbavarley.org\/en\/eugenio-barba\/","title":{"rendered":"Eugenio Barba"},"content":{"rendered":"\t\t<div data-elementor-type=\"wp-page\" data-elementor-id=\"23482\" class=\"elementor elementor-23482\" data-elementor-post-type=\"page\">\n\t\t\t\t\t\t<section class=\"elementor-section elementor-top-section elementor-element elementor-element-6dff9549 elementor-section-full_width elementor-section-height-default elementor-section-height-default\" data-id=\"6dff9549\" data-element_type=\"section\" data-e-type=\"section\">\n\t\t\t\t\t\t<div class=\"elementor-container elementor-column-gap-no\">\n\t\t\t\t\t<div class=\"elementor-column elementor-col-100 elementor-top-column elementor-element elementor-element-10871c78\" data-id=\"10871c78\" data-element_type=\"column\" data-e-type=\"column\">\n\t\t\t<div class=\"elementor-widget-wrap elementor-element-populated\">\n\t\t\t\t\t\t<div class=\"elementor-element elementor-element-23baefa4 elementor-widget__width-inherit elementor-widget elementor-widget-image\" data-id=\"23baefa4\" data-element_type=\"widget\" data-e-type=\"widget\" data-widget_type=\"image.default\">\n\t\t\t\t<div class=\"elementor-widget-container\">\n\t\t\t\t\t\t\t\t\t\t\t\t\t\t\t<img fetchpriority=\"high\" decoding=\"async\" width=\"1500\" height=\"439\" src=\"https:\/\/fondazionebarbavarley.org\/wp-content\/uploads\/2025\/07\/cropped-fondazione-barba-varley-header.jpg\" class=\"attachment-full size-full wp-image-24597\" alt=\"fondazione barba varley\" srcset=\"https:\/\/fondazionebarbavarley.org\/wp-content\/uploads\/2025\/07\/cropped-fondazione-barba-varley-header.jpg 1500w, https:\/\/fondazionebarbavarley.org\/wp-content\/uploads\/2025\/07\/cropped-fondazione-barba-varley-header-300x88.jpg 300w, https:\/\/fondazionebarbavarley.org\/wp-content\/uploads\/2025\/07\/cropped-fondazione-barba-varley-header-1024x300.jpg 1024w, https:\/\/fondazionebarbavarley.org\/wp-content\/uploads\/2025\/07\/cropped-fondazione-barba-varley-header-768x225.jpg 768w, https:\/\/fondazionebarbavarley.org\/wp-content\/uploads\/2025\/07\/cropped-fondazione-barba-varley-header-1320x386.jpg 1320w\" sizes=\"(max-width: 34.9rem) calc(100vw - 2rem), (max-width: 53rem) calc(8 * (100vw \/ 12)), (min-width: 53rem) calc(6 * (100vw \/ 12)), 100vw\" \/>\t\t\t\t\t\t\t\t\t\t\t\t\t\t\t<\/div>\n\t\t\t\t<\/div>\n\t\t\t\t\t<\/div>\n\t\t<\/div>\n\t\t\t\t\t<\/div>\n\t\t<\/section>\n\t\t\t\t<section class=\"elementor-section elementor-top-section elementor-element elementor-element-1d3450eb elementor-section-boxed elementor-section-height-default elementor-section-height-default\" data-id=\"1d3450eb\" data-element_type=\"section\" data-e-type=\"section\">\n\t\t\t\t\t\t<div class=\"elementor-container elementor-column-gap-default\">\n\t\t\t\t\t<div class=\"elementor-column elementor-col-100 elementor-top-column elementor-element elementor-element-40d3b3bd\" data-id=\"40d3b3bd\" data-element_type=\"column\" data-e-type=\"column\">\n\t\t\t<div class=\"elementor-widget-wrap elementor-element-populated\">\n\t\t\t\t\t\t<div class=\"elementor-element elementor-element-a7c26ac elementor-widget elementor-widget-heading\" data-id=\"a7c26ac\" data-element_type=\"widget\" data-e-type=\"widget\" data-widget_type=\"heading.default\">\n\t\t\t\t<div class=\"elementor-widget-container\">\n\t\t\t\t\t<h1 class=\"elementor-heading-title elementor-size-default\">Eugenio Barba<\/h1>\t\t\t\t<\/div>\n\t\t\t\t<\/div>\n\t\t\t\t\t<\/div>\n\t\t<\/div>\n\t\t\t\t\t<\/div>\n\t\t<\/section>\n\t\t\t\t<section class=\"elementor-section elementor-top-section elementor-element elementor-element-2e7e117 elementor-section-boxed elementor-section-height-default elementor-section-height-default\" data-id=\"2e7e117\" data-element_type=\"section\" data-e-type=\"section\">\n\t\t\t\t\t\t<div class=\"elementor-container elementor-column-gap-default\">\n\t\t\t\t\t<div class=\"elementor-column elementor-col-33 elementor-top-column elementor-element elementor-element-2c97b5f\" data-id=\"2c97b5f\" data-element_type=\"column\" data-e-type=\"column\">\n\t\t\t<div class=\"elementor-widget-wrap elementor-element-populated\">\n\t\t\t\t\t\t<div class=\"elementor-element elementor-element-3572071f elementor-widget elementor-widget-image\" data-id=\"3572071f\" data-element_type=\"widget\" data-e-type=\"widget\" data-widget_type=\"image.default\">\n\t\t\t\t<div class=\"elementor-widget-container\">\n\t\t\t\t\t\t\t\t\t\t\t\t\t\t\t<img decoding=\"async\" width=\"606\" height=\"800\" src=\"https:\/\/fondazionebarbavarley.org\/wp-content\/uploads\/2025\/08\/eugenio-barba-foto.jpg\" class=\"attachment-full size-full wp-image-24699\" alt=\"Eugenio Barba\" srcset=\"https:\/\/fondazionebarbavarley.org\/wp-content\/uploads\/2025\/08\/eugenio-barba-foto.jpg 606w, https:\/\/fondazionebarbavarley.org\/wp-content\/uploads\/2025\/08\/eugenio-barba-foto-227x300.jpg 227w\" sizes=\"(max-width: 34.9rem) calc(100vw - 2rem), (max-width: 53rem) calc(8 * (100vw \/ 12)), (min-width: 53rem) calc(6 * (100vw \/ 12)), 100vw\" \/>\t\t\t\t\t\t\t\t\t\t\t\t\t\t\t<\/div>\n\t\t\t\t<\/div>\n\t\t\t\t\t<\/div>\n\t\t<\/div>\n\t\t\t\t<div class=\"elementor-column elementor-col-66 elementor-top-column elementor-element elementor-element-165dc90\" data-id=\"165dc90\" data-element_type=\"column\" data-e-type=\"column\">\n\t\t\t<div class=\"elementor-widget-wrap elementor-element-populated\">\n\t\t\t\t\t\t<div class=\"elementor-element elementor-element-132d914e elementor-widget elementor-widget-text-editor\" data-id=\"132d914e\" data-element_type=\"widget\" data-e-type=\"widget\" data-widget_type=\"text-editor.default\">\n\t\t\t\t<div class=\"elementor-widget-container\">\n\t\t\t\t\t\t\t\t\t<p><strong>Eugenio Barba<\/strong> \u00e8 uno dei maestri della storia del teatro del secondo Novecento. La sua attivit\u00e0, punto di riferimento a livello internazionale in oltre mezzo secolo, ha spaziato in pi\u00f9 direzioni: dalla creazione artistica di spettacoli alla riflessione teorica, dalla trasmissione dell\u2019esperienza alla conservazione della memoria storica, dallo studio scientifico sulla tecnica dell\u2019attore al teatro \u201cfuori dal teatro\u201d, nei contesti sociali e transculturali del mondo per attivare rapporti fra culture ed etnie diverse.<\/p><p><strong>Eugenio Barba<\/strong> nasce in Puglia (Italia), cresce a Gallipoli, frequenta il liceo classico al collegio militare della Nunziatella a Napoli. Nel <strong>1954<\/strong>, emigra in Norvegia. A Oslo lavora come lattoniere e saldatore poi, per due anni, come marinaio su un cargo norvegese. Intanto studia all\u2019Universit\u00e0 dove si laurea in letteratura francese e norvegese e storia delle religioni.<\/p><p>Nel <strong>1961<\/strong>, grazie a una borsa di studio, segue il corso di regia presso la <strong>Scuola Teatrale di Varsavia<\/strong>. Lo interrompe dopo un anno per andare a lavorare con un piccolo teatro sperimentale di provincia a Opole, diretto dal giovane e a quel tempo sconosciuto regista <strong>Jerzy Grotowski<\/strong> e dal critico <strong>Ludwik Flaszen<\/strong>. Vi resta fino al maggio del 1964, alternando il lavoro di aiuto regista con i viaggi in Europa per promuovere l\u2019attivit\u00e0 di <strong>Grotowski<\/strong> che nel <strong>1965<\/strong> sar\u00e0 al centro del suo primo libro <strong>Alla ricerca del teatro perduto<\/strong>.<\/p>\t\t\t\t\t\t\t\t<\/div>\n\t\t\t\t<\/div>\n\t\t\t\t\t<\/div>\n\t\t<\/div>\n\t\t\t\t\t<\/div>\n\t\t<\/section>\n\t\t\t\t<section class=\"elementor-section elementor-top-section elementor-element elementor-element-f6dd02f elementor-section-boxed elementor-section-height-default elementor-section-height-default\" data-id=\"f6dd02f\" data-element_type=\"section\" data-e-type=\"section\">\n\t\t\t\t\t\t<div class=\"elementor-container elementor-column-gap-default\">\n\t\t\t\t\t<div class=\"elementor-column elementor-col-66 elementor-top-column elementor-element elementor-element-a46480f\" data-id=\"a46480f\" data-element_type=\"column\" data-e-type=\"column\">\n\t\t\t<div class=\"elementor-widget-wrap elementor-element-populated\">\n\t\t\t\t\t\t<div class=\"elementor-element elementor-element-f51fde3 elementor-widget elementor-widget-text-editor\" data-id=\"f51fde3\" data-element_type=\"widget\" data-e-type=\"widget\" data-widget_type=\"text-editor.default\">\n\t\t\t\t<div class=\"elementor-widget-container\">\n\t\t\t\t\t\t\t\t\t<p>Di quegli anni anche un primo soggiorno di cinque mesi in India dove conosce e scrive un saggio sul <strong>kathakali<\/strong>, teatro danza tradizionale, allora pressoch\u00e9 sconosciuto in Occidente. L\u2019ottobre del <strong>1964<\/strong> \u00e8 una data fondamentale: <strong>Barba<\/strong> fonda a Oslo l\u2019<strong>Odin Teatret<\/strong> con alcuni giovani \u201crespinti\u201d dalla scuola di teatro di Stato.<\/p><p>Due anni dopo, si trasferisce col suo gruppo in Danimarca, a <strong>Holstebro<\/strong>, e qui d\u00e0 vita a un laboratorio teatrale con modalit\u00e0 di produzione pionieristiche. Oltre allo spettacolo, diventa centrale l\u2019apprendimento\/training dell\u2019attore e la sua trasmissione attraverso seminari e corsi didattici che l\u2019<strong>Odin<\/strong> organizza in tutto il mondo.<\/p><p>Queste esperienze di pedagogia alternativa, fuori dalle scuole istituzionali, costituiscono per il gruppo un\u2019essenziale risorsa artistica ed economica. L\u2019insieme di queste attivit\u00e0 d\u00e0 vita al <strong>Nordisk Teaterlaboratorium<\/strong> che, con l\u2019<strong>Odin Teatret<\/strong> e l\u2019ensemble interculturale <strong>Theatrum Mundi<\/strong>, diventa un ambiente e un luogo unico nell\u2019universo del teatro, senza confini e multilingue.<\/p><p>Le collaborazioni e le iniziative di <strong>Barba<\/strong> e i suoi attori con teatri, universit\u00e0, gruppi di base e istituzioni prestigiose sfociano in numerose iniziative pedagogiche, artistiche e sociali, a <strong>Holstebro<\/strong> e in svariate parti del mondo, particolarmente in Sud America.\u00a0<\/p>\t\t\t\t\t\t\t\t<\/div>\n\t\t\t\t<\/div>\n\t\t\t\t\t<\/div>\n\t\t<\/div>\n\t\t\t\t<div class=\"elementor-column elementor-col-33 elementor-top-column elementor-element elementor-element-3c36e18\" data-id=\"3c36e18\" data-element_type=\"column\" data-e-type=\"column\">\n\t\t\t<div class=\"elementor-widget-wrap elementor-element-populated\">\n\t\t\t\t\t\t<div class=\"elementor-element elementor-element-4992a62 elementor-widget elementor-widget-image\" data-id=\"4992a62\" data-element_type=\"widget\" data-e-type=\"widget\" data-widget_type=\"image.default\">\n\t\t\t\t<div class=\"elementor-widget-container\">\n\t\t\t\t\t\t\t\t\t\t\t\t\t\t\t<img decoding=\"async\" width=\"600\" height=\"800\" src=\"https:\/\/fondazionebarbavarley.org\/wp-content\/uploads\/2025\/08\/foto-eb.jpg\" class=\"attachment-full size-full wp-image-24701\" alt=\"\" srcset=\"https:\/\/fondazionebarbavarley.org\/wp-content\/uploads\/2025\/08\/foto-eb.jpg 600w, https:\/\/fondazionebarbavarley.org\/wp-content\/uploads\/2025\/08\/foto-eb-225x300.jpg 225w\" sizes=\"(max-width: 34.9rem) calc(100vw - 2rem), (max-width: 53rem) calc(8 * (100vw \/ 12)), (min-width: 53rem) calc(6 * (100vw \/ 12)), 100vw\" \/>\t\t\t\t\t\t\t\t\t\t\t\t\t\t\t<\/div>\n\t\t\t\t<\/div>\n\t\t\t\t\t<\/div>\n\t\t<\/div>\n\t\t\t\t\t<\/div>\n\t\t<\/section>\n\t\t\t\t<section class=\"elementor-section elementor-top-section elementor-element elementor-element-acc8b65 elementor-section-boxed elementor-section-height-default elementor-section-height-default\" data-id=\"acc8b65\" data-element_type=\"section\" data-e-type=\"section\">\n\t\t\t\t\t\t<div class=\"elementor-container elementor-column-gap-default\">\n\t\t\t\t\t<div class=\"elementor-column elementor-col-33 elementor-top-column elementor-element elementor-element-f8eac38\" data-id=\"f8eac38\" data-element_type=\"column\" data-e-type=\"column\">\n\t\t\t<div class=\"elementor-widget-wrap elementor-element-populated\">\n\t\t\t\t\t\t<div class=\"elementor-element elementor-element-78b1bc1 elementor-widget elementor-widget-image\" data-id=\"78b1bc1\" data-element_type=\"widget\" data-e-type=\"widget\" data-widget_type=\"image.default\">\n\t\t\t\t<div class=\"elementor-widget-container\">\n\t\t\t\t\t\t\t\t\t\t\t\t\t\t\t<img loading=\"lazy\" decoding=\"async\" width=\"509\" height=\"739\" src=\"https:\/\/fondazionebarbavarley.org\/wp-content\/uploads\/2025\/08\/The-Floating-Island.jpg\" class=\"attachment-full size-full wp-image-24703\" alt=\"\" srcset=\"https:\/\/fondazionebarbavarley.org\/wp-content\/uploads\/2025\/08\/The-Floating-Island.jpg 509w, https:\/\/fondazionebarbavarley.org\/wp-content\/uploads\/2025\/08\/The-Floating-Island-207x300.jpg 207w\" sizes=\"(max-width: 34.9rem) calc(100vw - 2rem), (max-width: 53rem) calc(8 * (100vw \/ 12)), (min-width: 53rem) calc(6 * (100vw \/ 12)), 100vw\" \/>\t\t\t\t\t\t\t\t\t\t\t\t\t\t\t<\/div>\n\t\t\t\t<\/div>\n\t\t\t\t\t<\/div>\n\t\t<\/div>\n\t\t\t\t<div class=\"elementor-column elementor-col-66 elementor-top-column elementor-element elementor-element-e801b07\" data-id=\"e801b07\" data-element_type=\"column\" data-e-type=\"column\">\n\t\t\t<div class=\"elementor-widget-wrap elementor-element-populated\">\n\t\t\t\t\t\t<div class=\"elementor-element elementor-element-9766905 elementor-widget elementor-widget-text-editor\" data-id=\"9766905\" data-element_type=\"widget\" data-e-type=\"widget\" data-widget_type=\"text-editor.default\">\n\t\t\t\t<div class=\"elementor-widget-container\">\n\t\t\t\t\t\t\t\t\t<p><strong>Eugenio Barba<\/strong> e l\u2019<strong>Odin Teatret<\/strong> realizzano <strong>81<\/strong> spettacoli, nei teatri e in luoghi non convenzionali, portandoli nelle strade, nelle piazze, nei paesi, nelle comunit\u00e0 \u201csenza teatro\u201d. Il rapporto attore-spettatore diventa interferenza, interazione e reciprocit\u00e0 attraverso la pratica del \u201cbaratto\u201d, uno scambio di espressioni culturali tra gli attori dell\u2019<strong>Odin<\/strong> e le popolazioni dei diversi continenti.<\/p><p>Le centinaia di esperienze in giro per il mondo si radicano anche nella \u201ccasa\u201d di <strong>Holstebro<\/strong> in Danimarca, dove Barba e l\u2019<strong>Odin Teatret<\/strong> ogni tre anni coinvolgono decine e decine di associazioni, scuole, centri culturali, associazioni sportive e di volontariato con la Settimana di Festa \u2013 <strong>la Festuge<\/strong> \u2013 che teatralizza la citt\u00e0.<\/p><p>Questa attivit\u00e0 locale e internazionale\u00a0trova, in quegli anni, corrispondenza in una proliferazione di gruppi di teatro che <strong>Barba<\/strong> definisce\u00a0<strong>Terzo Teatro<\/strong>: una nuova cultura teatrale, n\u00e9 tradizionale n\u00e9 d\u2019avanguardia. Come \u201cisole galleggianti\u201d, questi gruppi di artisti, spesso autodidatti, coltivano un\u2019etica professionale ma anche sociale e civile, modificando cos\u00ec la geografia culturale dei luoghi in cui operano.<\/p><p>Nel 1976 <strong>Barba<\/strong> organizza un incontro tra gruppi europei e latino-americani basato su uno scambio della loro cultura di lavoro, avviando una tradizione di \u201cincontri\u201d che continua ancora oggi. Per l\u2019occasione scrive il testo <strong>Terzo Teatro<\/strong> che acquista valore di Manifesto.<\/p>\t\t\t\t\t\t\t\t<\/div>\n\t\t\t\t<\/div>\n\t\t\t\t\t<\/div>\n\t\t<\/div>\n\t\t\t\t\t<\/div>\n\t\t<\/section>\n\t\t\t\t<section class=\"elementor-section elementor-top-section elementor-element elementor-element-1211d08 elementor-section-boxed elementor-section-height-default elementor-section-height-default\" data-id=\"1211d08\" data-element_type=\"section\" data-e-type=\"section\">\n\t\t\t\t\t\t<div class=\"elementor-container elementor-column-gap-default\">\n\t\t\t\t\t<div class=\"elementor-column elementor-col-66 elementor-top-column elementor-element elementor-element-fe8b8f6\" data-id=\"fe8b8f6\" data-element_type=\"column\" data-e-type=\"column\">\n\t\t\t<div class=\"elementor-widget-wrap elementor-element-populated\">\n\t\t\t\t\t\t<div class=\"elementor-element elementor-element-0db0da7 elementor-widget elementor-widget-text-editor\" data-id=\"0db0da7\" data-element_type=\"widget\" data-e-type=\"widget\" data-widget_type=\"text-editor.default\">\n\t\t\t\t<div class=\"elementor-widget-container\">\n\t\t\t\t\t\t\t\t\t<p>Nel<strong> 1979<\/strong> pubblica <strong>Le isole galleggianti<\/strong>, tradotto immediatamente in numerose lingue. Il libro raccoglie le esperienze dell\u2019<strong>Odin Teatret<\/strong> ma diventa un \u201cgrido di battaglia\u201d per molti gruppi teatrali. Il <strong>1979<\/strong>, \u00e8 un altro anno cruciale: <strong>Eugenio Barba<\/strong> fonda l\u2019<strong>ISTA<\/strong>, <strong>I<\/strong>nternational <strong>S<\/strong>chool of <strong>T<\/strong>heatre <strong>A<\/strong>nthropology, un laboratorio internazionale itinerante di studi comparativi sui principi che stanno alla base della tecnica dell\u2019attore\/danzatore nelle diverse tradizioni e culture.<\/p><p>Questo campo di studi vivo e denso, che <strong>Barba<\/strong> ha definito \u201cantropologia teatrale\u201d, \u00e8 una delle pi\u00f9 importanti intuizioni nel teatro del secondo Novecento, opportunit\u00e0 di ricerca, confronto scientifico e condivisione, grazie all\u2019apporto di artisti, studiosi ed esperti di saperi diversi.<\/p><p>Nel <strong>1990<\/strong> fonda l\u2019<strong>Universit\u00e0 del Teatro Eurasiano<\/strong> in collaborazione con l\u2019Universit\u00e0 di <strong>Bologna<\/strong>. Nel <strong>2002<\/strong> d\u00e0 vita al <strong>Centre for Theatre Laboratory Studies<\/strong> in collaborazione con l\u2019<strong>Universit\u00e0 di Aarhus<\/strong>. <strong>Barba<\/strong> ha pubblicato <strong>25<\/strong> libri, numerosi saggi e articoli tradotti in una trentina di lingue. \u00c8 nel comitato editoriale di alcune riviste internazionali, tra cui \u201cTDR \u2013 The Drama Review\u201d, \u201cPerformance Research\u201d, \u201cNew Theatre Quarterly\u201d e \u201cTeatro e Storia\u201d.<\/p><p>Ha fondato due case editrici, <strong>Odin Teatrets Forlag<\/strong> (1967) e <strong>Icarus Publishing Enterprise<\/strong> (2009) in collaborazione con il Grotowski Institute (Polonia) e <strong>TARF<\/strong>, <strong>T<\/strong>heatre <strong>A<\/strong>rts <strong>R<\/strong>esearching the <strong>F<\/strong>oundation (Malta). \u00c8 promotore e redattore di due riviste: <strong>\u201cTeatrets Teori og Teknikk\u201d<\/strong> (1967) e <strong>\u201cJournal of Theatre Anthropology\u201d<\/strong> (2021).<\/p>\t\t\t\t\t\t\t\t<\/div>\n\t\t\t\t<\/div>\n\t\t\t\t\t<\/div>\n\t\t<\/div>\n\t\t\t\t<div class=\"elementor-column elementor-col-33 elementor-top-column elementor-element elementor-element-f592586\" data-id=\"f592586\" data-element_type=\"column\" data-e-type=\"column\">\n\t\t\t<div class=\"elementor-widget-wrap elementor-element-populated\">\n\t\t\t\t\t\t<div class=\"elementor-element elementor-element-c9faa7f elementor-widget elementor-widget-image\" data-id=\"c9faa7f\" data-element_type=\"widget\" data-e-type=\"widget\" data-widget_type=\"image.default\">\n\t\t\t\t<div class=\"elementor-widget-container\">\n\t\t\t\t\t\t\t\t\t\t\t\t\t\t\t<img loading=\"lazy\" decoding=\"async\" width=\"603\" height=\"800\" src=\"https:\/\/fondazionebarbavarley.org\/wp-content\/uploads\/2025\/08\/foto-eb-3.jpg\" class=\"attachment-full size-full wp-image-24705\" alt=\"\" srcset=\"https:\/\/fondazionebarbavarley.org\/wp-content\/uploads\/2025\/08\/foto-eb-3.jpg 603w, https:\/\/fondazionebarbavarley.org\/wp-content\/uploads\/2025\/08\/foto-eb-3-226x300.jpg 226w\" sizes=\"(max-width: 34.9rem) calc(100vw - 2rem), (max-width: 53rem) calc(8 * (100vw \/ 12)), (min-width: 53rem) calc(6 * (100vw \/ 12)), 100vw\" \/>\t\t\t\t\t\t\t\t\t\t\t\t\t\t\t<\/div>\n\t\t\t\t<\/div>\n\t\t\t\t\t<\/div>\n\t\t<\/div>\n\t\t\t\t\t<\/div>\n\t\t<\/section>\n\t\t\t\t<section class=\"elementor-section elementor-top-section elementor-element elementor-element-0750ffb elementor-section-boxed elementor-section-height-default elementor-section-height-default\" data-id=\"0750ffb\" data-element_type=\"section\" data-e-type=\"section\">\n\t\t\t\t\t\t<div class=\"elementor-container elementor-column-gap-default\">\n\t\t\t\t\t<div class=\"elementor-column elementor-col-100 elementor-top-column elementor-element elementor-element-7c738ed\" data-id=\"7c738ed\" data-element_type=\"column\" data-e-type=\"column\">\n\t\t\t<div class=\"elementor-widget-wrap elementor-element-populated\">\n\t\t\t\t\t\t<div class=\"elementor-element elementor-element-9274f23 elementor-widget elementor-widget-text-editor\" data-id=\"9274f23\" data-element_type=\"widget\" data-e-type=\"widget\" data-widget_type=\"text-editor.default\">\n\t\t\t\t<div class=\"elementor-widget-container\">\n\t\t\t\t\t\t\t\t\t<p><strong>Barba<\/strong> ha ricevuto numerosi premi internazionali. La sua ricerca artistica nel campo dell\u2019antropologia teatrale \u00e8 stata riconosciuta con lauree e dottorati onorari dalle universit\u00e0 di <strong>Aarhus<\/strong>, <strong>Ayacucho<\/strong>, <strong>Bologna<\/strong>, <strong>Havana<\/strong>, <strong>Varsavia<\/strong>, <strong>Plymouth<\/strong>, <strong>Hong Kong<\/strong>, <strong>Buenos Aires<\/strong>, <strong>Tallinn<\/strong>, <strong>Cluj-Napoca<\/strong>, <strong>Edinburgo<\/strong>, <strong>Shanghai<\/strong> e <strong>Peloponneso<\/strong>.<\/p><p>Gli sono stati concessi la <em>\u201cReconnaissance de m\u00e9rite scientifique\u201d<\/em> dell\u2019Universit\u00e0 di <strong>Montreal<\/strong>, il <strong>Premio Sonning<\/strong> dell\u2019Universit\u00e0 di Copenaghen, Il Premio Internazionale <strong>Luigi Pirandello<\/strong>, il <strong>Premio Thalia<\/strong> dell\u2019International Association of Theatre Critics (IATC), l\u2019onorificenza <strong>Gloria Artis<\/strong> della Polonia e la medaglia della citt\u00e0 di <strong>Atene<\/strong>.<\/p><p>\u00c8 Cavaliere dell\u2019Ordine della Stella della Solidariet\u00e0 Italiana e\u00a0Commendatore dell\u2019Ordine al Merito della Repubblica Italiana. La Danimarca gli ha elargito i pi\u00f9 alti riconoscimenti: il <strong>Premio dell\u2019Accademia Danese<\/strong> nel 1976 e nel 2000 la <strong>Croce di Cavaliere della Regina di Danimarca<\/strong>.<\/p><p>Nel 2013 l\u2019associazione dei registi danesi gli ha assegnato il premio alla carriera e lo Stato danese un vitalizio per meriti artistici verso la nazione. Nel 2020, insieme all\u2019attrice <strong>Julia Varley<\/strong>, istituisce la <strong>Fondazione Barba Varley<\/strong>, con lo scopo di sostenere artisti e artiste che lavorano in situazioni di svantaggio a causa delle loro opinioni politiche o per motivi razziali, di genere e di appartenenza sociale.<\/p>\t\t\t\t\t\t\t\t<\/div>\n\t\t\t\t<\/div>\n\t\t\t\t\t<\/div>\n\t\t<\/div>\n\t\t\t\t\t<\/div>\n\t\t<\/section>\n\t\t\t\t<section class=\"elementor-section elementor-top-section elementor-element elementor-element-89936ed elementor-section-boxed elementor-section-height-default elementor-section-height-default\" data-id=\"89936ed\" data-element_type=\"section\" data-e-type=\"section\">\n\t\t\t\t\t\t<div class=\"elementor-container elementor-column-gap-default\">\n\t\t\t\t\t<div class=\"elementor-column elementor-col-100 elementor-top-column elementor-element elementor-element-905bb8a\" data-id=\"905bb8a\" data-element_type=\"column\" data-e-type=\"column\">\n\t\t\t<div class=\"elementor-widget-wrap elementor-element-populated\">\n\t\t\t\t\t\t<div class=\"elementor-element elementor-element-c2e3abb elementor-widget elementor-widget-image\" data-id=\"c2e3abb\" data-element_type=\"widget\" data-e-type=\"widget\" data-widget_type=\"image.default\">\n\t\t\t\t<div class=\"elementor-widget-container\">\n\t\t\t\t\t\t\t\t\t\t\t\t\t\t\t<img loading=\"lazy\" decoding=\"async\" width=\"1536\" height=\"993\" src=\"https:\/\/fondazionebarbavarley.org\/wp-content\/uploads\/2025\/08\/the-floating-islands-1536x993-1.jpg\" class=\"attachment-full size-full wp-image-24707\" alt=\"\" srcset=\"https:\/\/fondazionebarbavarley.org\/wp-content\/uploads\/2025\/08\/the-floating-islands-1536x993-1.jpg 1536w, https:\/\/fondazionebarbavarley.org\/wp-content\/uploads\/2025\/08\/the-floating-islands-1536x993-1-300x194.jpg 300w, https:\/\/fondazionebarbavarley.org\/wp-content\/uploads\/2025\/08\/the-floating-islands-1536x993-1-1024x662.jpg 1024w, https:\/\/fondazionebarbavarley.org\/wp-content\/uploads\/2025\/08\/the-floating-islands-1536x993-1-768x497.jpg 768w, https:\/\/fondazionebarbavarley.org\/wp-content\/uploads\/2025\/08\/the-floating-islands-1536x993-1-1320x853.jpg 1320w\" sizes=\"(max-width: 34.9rem) calc(100vw - 2rem), (max-width: 53rem) calc(8 * (100vw \/ 12)), (min-width: 53rem) calc(6 * (100vw \/ 12)), 100vw\" \/>\t\t\t\t\t\t\t\t\t\t\t\t\t\t\t<\/div>\n\t\t\t\t<\/div>\n\t\t\t\t\t<\/div>\n\t\t<\/div>\n\t\t\t\t\t<\/div>\n\t\t<\/section>\n\t\t\t\t<section class=\"elementor-section elementor-top-section elementor-element elementor-element-8afd2cb elementor-section-boxed elementor-section-height-default elementor-section-height-default\" data-id=\"8afd2cb\" data-element_type=\"section\" data-e-type=\"section\">\n\t\t\t\t\t\t<div class=\"elementor-container elementor-column-gap-default\">\n\t\t\t\t\t<div class=\"elementor-column elementor-col-100 elementor-top-column elementor-element elementor-element-0b9e10e\" data-id=\"0b9e10e\" data-element_type=\"column\" data-e-type=\"column\">\n\t\t\t<div class=\"elementor-widget-wrap elementor-element-populated\">\n\t\t\t\t\t\t<div class=\"elementor-element elementor-element-3d949ca elementor-widget elementor-widget-image\" data-id=\"3d949ca\" data-element_type=\"widget\" data-e-type=\"widget\" data-widget_type=\"image.default\">\n\t\t\t\t<div class=\"elementor-widget-container\">\n\t\t\t\t\t\t\t\t\t\t\t\t\t\t\t<img loading=\"lazy\" decoding=\"async\" width=\"1536\" height=\"998\" src=\"https:\/\/fondazionebarbavarley.org\/wp-content\/uploads\/2025\/08\/collage_1-1536x998-1.jpg\" class=\"attachment-full size-full wp-image-24709\" alt=\"\" srcset=\"https:\/\/fondazionebarbavarley.org\/wp-content\/uploads\/2025\/08\/collage_1-1536x998-1.jpg 1536w, https:\/\/fondazionebarbavarley.org\/wp-content\/uploads\/2025\/08\/collage_1-1536x998-1-300x195.jpg 300w, https:\/\/fondazionebarbavarley.org\/wp-content\/uploads\/2025\/08\/collage_1-1536x998-1-1024x665.jpg 1024w, https:\/\/fondazionebarbavarley.org\/wp-content\/uploads\/2025\/08\/collage_1-1536x998-1-768x499.jpg 768w, https:\/\/fondazionebarbavarley.org\/wp-content\/uploads\/2025\/08\/collage_1-1536x998-1-1320x858.jpg 1320w\" sizes=\"(max-width: 34.9rem) calc(100vw - 2rem), (max-width: 53rem) calc(8 * (100vw \/ 12)), (min-width: 53rem) calc(6 * (100vw \/ 12)), 100vw\" \/>\t\t\t\t\t\t\t\t\t\t\t\t\t\t\t<\/div>\n\t\t\t\t<\/div>\n\t\t\t\t\t<\/div>\n\t\t<\/div>\n\t\t\t\t\t<\/div>\n\t\t<\/section>\n\t\t\t\t<section class=\"elementor-section elementor-top-section elementor-element elementor-element-62e49f2 elementor-section-boxed elementor-section-height-default elementor-section-height-default\" data-id=\"62e49f2\" data-element_type=\"section\" data-e-type=\"section\">\n\t\t\t\t\t\t<div class=\"elementor-container elementor-column-gap-default\">\n\t\t\t\t\t<div class=\"elementor-column elementor-col-100 elementor-top-column elementor-element elementor-element-3fdafa0\" data-id=\"3fdafa0\" data-element_type=\"column\" data-e-type=\"column\">\n\t\t\t<div class=\"elementor-widget-wrap elementor-element-populated\">\n\t\t\t\t\t\t<div class=\"elementor-element elementor-element-c933d25 elementor-widget elementor-widget-image\" data-id=\"c933d25\" data-element_type=\"widget\" data-e-type=\"widget\" data-widget_type=\"image.default\">\n\t\t\t\t<div class=\"elementor-widget-container\">\n\t\t\t\t\t\t\t\t\t\t\t\t\t\t\t<img loading=\"lazy\" decoding=\"async\" width=\"1536\" height=\"983\" src=\"https:\/\/fondazionebarbavarley.org\/wp-content\/uploads\/2025\/08\/collage_2-1536x983-1.jpg\" class=\"attachment-full size-full wp-image-24711\" alt=\"\" srcset=\"https:\/\/fondazionebarbavarley.org\/wp-content\/uploads\/2025\/08\/collage_2-1536x983-1.jpg 1536w, https:\/\/fondazionebarbavarley.org\/wp-content\/uploads\/2025\/08\/collage_2-1536x983-1-300x192.jpg 300w, https:\/\/fondazionebarbavarley.org\/wp-content\/uploads\/2025\/08\/collage_2-1536x983-1-1024x655.jpg 1024w, https:\/\/fondazionebarbavarley.org\/wp-content\/uploads\/2025\/08\/collage_2-1536x983-1-768x492.jpg 768w, https:\/\/fondazionebarbavarley.org\/wp-content\/uploads\/2025\/08\/collage_2-1536x983-1-1320x845.jpg 1320w\" sizes=\"(max-width: 34.9rem) calc(100vw - 2rem), (max-width: 53rem) calc(8 * (100vw \/ 12)), (min-width: 53rem) calc(6 * (100vw \/ 12)), 100vw\" \/>\t\t\t\t\t\t\t\t\t\t\t\t\t\t\t<\/div>\n\t\t\t\t<\/div>\n\t\t\t\t\t<\/div>\n\t\t<\/div>\n\t\t\t\t\t<\/div>\n\t\t<\/section>\n\t\t\t\t<\/div>\n\t\t","protected":false},"excerpt":{"rendered":"<p>Eugenio Barba Eugenio Barba \u00e8 uno dei maestri della storia del teatro del secondo Novecento. La sua attivit\u00e0, punto di riferimento a livello internazionale in oltre mezzo secolo, ha spaziato [&hellip;]<\/p>\n","protected":false},"author":5,"featured_media":0,"parent":0,"menu_order":0,"comment_status":"closed","ping_status":"closed","template":"elementor_header_footer","meta":{"_acf_changed":false,"footnotes":""},"class_list":["post-23482","page","type-page","status-publish","hentry","entry"],"acf":[],"yoast_head":"<!-- This site is optimized with the Yoast SEO plugin v27.5 - https:\/\/yoast.com\/product\/yoast-seo-wordpress\/ -->\n<title>Eugenio Barba | Fondazione Barba Varley - ETS<\/title>\n<meta name=\"robots\" content=\"index, follow, max-snippet:-1, max-image-preview:large, max-video-preview:-1\" \/>\n<link rel=\"canonical\" href=\"https:\/\/fondazionebarbavarley.org\/en\/eugenio-barba\/\" \/>\n<meta property=\"og:locale\" content=\"en_US\" \/>\n<meta property=\"og:type\" content=\"article\" \/>\n<meta property=\"og:title\" content=\"Eugenio Barba | Fondazione Barba Varley - ETS\" \/>\n<meta property=\"og:description\" content=\"Eugenio Barba Eugenio Barba \u00e8 uno dei maestri della storia del teatro del secondo Novecento. La sua attivit\u00e0, punto di riferimento a livello internazionale in oltre mezzo secolo, ha spaziato [&hellip;]\" \/>\n<meta property=\"og:url\" content=\"https:\/\/fondazionebarbavarley.org\/en\/eugenio-barba\/\" \/>\n<meta property=\"og:site_name\" content=\"Fondazione Barba Varley - ETS\" \/>\n<meta property=\"article:publisher\" content=\"https:\/\/www.facebook.com\/FondazioneBarbaVarley\" \/>\n<meta property=\"article:modified_time\" content=\"2025-08-12T16:54:14+00:00\" \/>\n<meta property=\"og:image\" content=\"https:\/\/fondazionebarbavarley.org\/wp-content\/uploads\/2025\/07\/cropped-fondazione-barba-varley-header.jpg\" \/>\n<meta name=\"twitter:card\" content=\"summary_large_image\" \/>\n<!-- \/ Yoast SEO plugin. -->","yoast_head_json":{"title":"Eugenio Barba | Fondazione Barba Varley - ETS","robots":{"index":"index","follow":"follow","max-snippet":"max-snippet:-1","max-image-preview":"max-image-preview:large","max-video-preview":"max-video-preview:-1"},"canonical":"https:\/\/fondazionebarbavarley.org\/en\/eugenio-barba\/","og_locale":"en_US","og_type":"article","og_title":"Eugenio Barba | Fondazione Barba Varley - ETS","og_description":"Eugenio Barba Eugenio Barba \u00e8 uno dei maestri della storia del teatro del secondo Novecento. La sua attivit\u00e0, punto di riferimento a livello internazionale in oltre mezzo secolo, ha spaziato [&hellip;]","og_url":"https:\/\/fondazionebarbavarley.org\/en\/eugenio-barba\/","og_site_name":"Fondazione Barba Varley - ETS","article_publisher":"https:\/\/www.facebook.com\/FondazioneBarbaVarley","article_modified_time":"2025-08-12T16:54:14+00:00","og_image":[{"url":"https:\/\/fondazionebarbavarley.org\/wp-content\/uploads\/2025\/07\/cropped-fondazione-barba-varley-header.jpg","type":"","width":"","height":""}],"twitter_card":"summary_large_image","schema":{"@context":"https:\/\/schema.org","@graph":[{"@type":"WebPage","@id":"https:\/\/fondazionebarbavarley.org\/en\/eugenio-barba\/","url":"https:\/\/fondazionebarbavarley.org\/en\/eugenio-barba\/","name":"Eugenio Barba | Fondazione Barba Varley - ETS","isPartOf":{"@id":"https:\/\/fondazionebarbavarley.org\/en\/#website"},"primaryImageOfPage":{"@id":"https:\/\/fondazionebarbavarley.org\/en\/eugenio-barba\/#primaryimage"},"image":{"@id":"https:\/\/fondazionebarbavarley.org\/en\/eugenio-barba\/#primaryimage"},"thumbnailUrl":"https:\/\/fondazionebarbavarley.org\/wp-content\/uploads\/2025\/07\/cropped-fondazione-barba-varley-header.jpg","datePublished":"2025-08-12T14:16:37+00:00","dateModified":"2025-08-12T16:54:14+00:00","breadcrumb":{"@id":"https:\/\/fondazionebarbavarley.org\/en\/eugenio-barba\/#breadcrumb"},"inLanguage":"en-US","potentialAction":[{"@type":"ReadAction","target":["https:\/\/fondazionebarbavarley.org\/en\/eugenio-barba\/"]}]},{"@type":"ImageObject","inLanguage":"en-US","@id":"https:\/\/fondazionebarbavarley.org\/en\/eugenio-barba\/#primaryimage","url":"https:\/\/fondazionebarbavarley.org\/wp-content\/uploads\/2025\/07\/cropped-fondazione-barba-varley-header.jpg","contentUrl":"https:\/\/fondazionebarbavarley.org\/wp-content\/uploads\/2025\/07\/cropped-fondazione-barba-varley-header.jpg"},{"@type":"BreadcrumbList","@id":"https:\/\/fondazionebarbavarley.org\/en\/eugenio-barba\/#breadcrumb","itemListElement":[{"@type":"ListItem","position":1,"name":"Home"},{"@type":"ListItem","position":2,"name":"Eugenio Barba"}]},{"@type":"WebSite","@id":"https:\/\/fondazionebarbavarley.org\/en\/#website","url":"https:\/\/fondazionebarbavarley.org\/en\/","name":"Fondazione Barba Varley - ETS","description":"","publisher":{"@id":"https:\/\/fondazionebarbavarley.org\/en\/#organization"},"potentialAction":[{"@type":"SearchAction","target":{"@type":"EntryPoint","urlTemplate":"https:\/\/fondazionebarbavarley.org\/en\/?s={search_term_string}"},"query-input":{"@type":"PropertyValueSpecification","valueRequired":true,"valueName":"search_term_string"}}],"inLanguage":"en-US"},{"@type":"Organization","@id":"https:\/\/fondazionebarbavarley.org\/en\/#organization","name":"Fondazione Barba Varley - ETS","url":"https:\/\/fondazionebarbavarley.org\/en\/","logo":{"@type":"ImageObject","inLanguage":"en-US","@id":"https:\/\/fondazionebarbavarley.org\/en\/#\/schema\/logo\/image\/","url":"https:\/\/fondazionebarbavarley.org\/wp-content\/uploads\/2025\/06\/logo_bv-e1612267139930.png","contentUrl":"https:\/\/fondazionebarbavarley.org\/wp-content\/uploads\/2025\/06\/logo_bv-e1612267139930.png","width":300,"height":290,"caption":"Fondazione Barba Varley - ETS"},"image":{"@id":"https:\/\/fondazionebarbavarley.org\/en\/#\/schema\/logo\/image\/"},"sameAs":["https:\/\/www.facebook.com\/FondazioneBarbaVarley","https:\/\/www.youtube.com\/c\/FondazioneBarbaVarley"]}]}},"_links":{"self":[{"href":"https:\/\/fondazionebarbavarley.org\/en\/wp-json\/wp\/v2\/pages\/23482","targetHints":{"allow":["GET"]}}],"collection":[{"href":"https:\/\/fondazionebarbavarley.org\/en\/wp-json\/wp\/v2\/pages"}],"about":[{"href":"https:\/\/fondazionebarbavarley.org\/en\/wp-json\/wp\/v2\/types\/page"}],"author":[{"embeddable":true,"href":"https:\/\/fondazionebarbavarley.org\/en\/wp-json\/wp\/v2\/users\/5"}],"replies":[{"embeddable":true,"href":"https:\/\/fondazionebarbavarley.org\/en\/wp-json\/wp\/v2\/comments?post=23482"}],"version-history":[{"count":58,"href":"https:\/\/fondazionebarbavarley.org\/en\/wp-json\/wp\/v2\/pages\/23482\/revisions"}],"predecessor-version":[{"id":23557,"href":"https:\/\/fondazionebarbavarley.org\/en\/wp-json\/wp\/v2\/pages\/23482\/revisions\/23557"}],"wp:attachment":[{"href":"https:\/\/fondazionebarbavarley.org\/en\/wp-json\/wp\/v2\/media?parent=23482"}],"curies":[{"name":"wp","href":"https:\/\/api.w.org\/{rel}","templated":true}]}}